{"id":30751,"date":"2024-08-30T10:20:13","date_gmt":"2024-08-30T08:20:13","guid":{"rendered":"https:\/\/denkmodell.de\/?post_type=mec-events&#038;p=30751"},"modified":"2024-11-08T16:22:30","modified_gmt":"2024-11-08T15:22:30","slug":"denkmodell-ideen-pflanzkarte","status":"publish","type":"mec-events","link":"https:\/\/denkmodell.de\/en\/academy\/termin\/denkmodell-ideen-pflanzkarte\/","title":{"rendered":"Ideen zum Bl\u00fchen brin\u00adgen: Ihre indi\u00advi\u00addu\u00adelle Anlei\u00adtung zum Orga\u00adni\u00adsa\u00adti\u00adons\u00ader\u00adfolg mit denk\u00admo\u00addell"},"content":{"rendered":"\n<div class=\"wp-block-group event--hero is-layout-constrained wp-block-group-is-layout-constrained\">\n<p><em>Erwe\u00adcken Sie Ihre denk\u00admo\u00addell Pflanz\u00adkarte zum Leben und verwan\u00addeln Sie sie in eine farben\u00adfrohe Wild\u00adblu\u00admen\u00adwiese. Auf dieser Seite f\u00fchren wir Sie durch die Schritte, um Ihr eige\u00adnes Blumen\u00adpa\u00adra\u00addies zu schaf\u00adfen. Entde\u00adcken Sie au\u00dfer\u00addem, wie unser Bera\u00adtungs\u00adan\u00adge\u00adbot Ihnen dabei hilft, Ihre Ziele zu verwirk\u00adli\u00adchen und Ihre Orga\u00adni\u00adsa\u00adtion erfolg\u00adreich in die Zukunft zu f\u00fchren.<\/em><\/p>\n\n\n\n<figure class=\"wp-block-image size-full\"><img loading=\"lazy\" decoding=\"async\" width=\"1024\" height=\"768\" src=\"https:\/\/denkmodell.de\/wp-content\/uploads\/2024\/08\/PlantDoodle.png\" alt class=\"wp-image-30731\" srcset=\"https:\/\/denkmodell.de\/wp-content\/uploads\/2024\/08\/PlantDoodle.png 1024w, https:\/\/denkmodell.de\/wp-content\/uploads\/2024\/08\/PlantDoodle-480x360.png 480w, https:\/\/denkmodell.de\/wp-content\/uploads\/2024\/08\/PlantDoodle-768x576.png 768w\" sizes=\"auto, (max-width: 1024px) 100vw, 1024px\"><\/figure>\n<\/div>\n\n\n\n<div class=\"wp-block-columns is-not-stacked-on-mobile event--content layout--cols is-layout-flex wp-container-core-columns-is-layout-9d6595d7 wp-block-columns-is-layout-flex\">\n<div class=\"wp-block-column is-layout-flow wp-block-column-is-layout-flow\">\n<h2 class=\"wp-block-heading\">Anlei\u00adtung <\/h2>\n\n\n\n<p>Die Wild\u00adblu\u00admen\u00adsa\u00admen k\u00f6nnen Sie von Mitte Mai bis August drau\u00ad\u00dfen einpflan\u00adzen. Sie k\u00f6nnen die Blumen aber auch drin\u00adnen in einem Topf pflan\u00adzen und im Sommer drau\u00ad\u00dfen weiter bl\u00fchen lassen.<\/p>\n\n\n\n<p><strong>Schritt 1<\/strong><br>Befeuch\u00adten Sie das Samen\u00adpa\u00adpier gr\u00fcnd\u00adlich, bis es voll\u00adst\u00e4n\u00addig durch\u00adn\u00e4sst ist und sich aufl\u00f6st, sodass die Samen keimen k\u00f6nnen. Plat\u00adzie\u00adren Sie es anschlie\u00ad\u00dfend an einem geeig\u00adne\u00adten Ort, entwe\u00adder im Garten, in einem Topf auf dem Balkon oder in Ihrer Wohnung. Wir empfeh\u00adlen Ihnen, Aussaat\u00aderde oder Blumen\u00aderde zu verwen\u00adden. Wenn Sie Ihr Samen\u00adpa\u00adpier im Garten einpflan\u00adzen m\u00f6ch\u00adten, tun Sie dies am besten zwischen Mitte Mai und Okto\u00adber. In der Wohnung k\u00f6nnen Sie es nat\u00fcr\u00adlich das ganze Jahr \u00fcber pflan\u00adzen.<br><br><strong>Schritt 2<\/strong><br>Bede\u00adcken Sie das Samen\u00adpa\u00adpier mit ca. 1&nbsp;bis 1,5 cm Erde. Achten Sie darauf, dass die Erdschicht nicht zu dick ist, damit die Samen gen\u00fc\u00adgend N\u00e4hr\u00adstoffe, Schutz und Sonnen\u00adlicht zum Keimen erhal\u00adten.<br><br><strong>Schritt 3<\/strong><br>Bew\u00e4s\u00adsern Sie das Papier zu Beginn t\u00e4glich, damit es gleich\u00adm\u00e4\u00ad\u00dfig feucht bleibt. Eine Spr\u00fch\u00adfla\u00adsche eignet sich am besten, um das Wasser gleich\u00adm\u00e4\u00ad\u00dfig zu vertei\u00adlen.<br><br><strong>Schritt 4<\/strong><br>Plat\u00adzie\u00adren Sie die Pflanze an einem hellen, warmen Ort, vermei\u00adden Sie jedoch direk\u00adtes Sonnen\u00adlicht. Erste Keim\u00adlinge soll\u00adten nach etwa einer Woche sicht\u00adbar sein. Gie\u00dfen Sie weiter\u00adhin regel\u00adm\u00e4\u00ad\u00dfig, sodass die Pflan\u00adzen stets benetzt blei\u00adben.<\/p>\n\n\n\n<p><em><strong>Ein Hinweis zur Nach\u00adhal\u00adtig\u00adkeit:<\/strong> die verwen\u00adde\u00adten Druck\u00adfar\u00adben sind wasser\u00adba\u00adsiert und daher f\u00fcr Natur und Umwelt voll\u00adst\u00e4n\u00addig vertr\u00e4g\u00adlich.<\/em><\/p>\n<\/div>\n\n\n\n<div class=\"wp-block-column event--sidebar is-layout-flow wp-block-column-is-layout-flow\">\n<p><\/p>\n\n\n\n<div class=\"wp-block-group event--termin is-layout-flow wp-block-group-is-layout-flow\">\n<h3 class=\"wp-block-heading\">Ihre Visio\u00adnen entfal\u00adten: Bera\u00adtung und Umset\u00adzung<\/h3>\n\n\n\n<p class=\"has-black-color has-text-color has-link-color wp-elements-dadcada47c5dcfbb912eaae74c0c2e5c\">Ihre Ideen verdie\u00adnen es, zu wach\u00adsen und zu bl\u00fchen! Sie sind voller Visio\u00adnen, wissen aber nicht, wie Sie sie zum Leben erwe\u00adcken k\u00f6nnen? <br><br>Buchen Sie jetzt Ihr kosten\u00adlo\u00adses, unver\u00adbind\u00adli\u00adches Bera\u00adtungs\u00adge\u00adspr\u00e4ch. Wir beglei\u00adten Sie Schritt f\u00fcr Schritt bei der Verwirk\u00adli\u00adchung Ihrer Ziele und unter\u00adst\u00fct\u00adzen Sie dabei, lang\u00adfris\u00adtige Erfolge zu errei\u00adchen.<\/p>\n\n\n\n<div class=\"wp-block-buttons is-layout-flex wp-block-buttons-is-layout-flex\">\n<div class=\"wp-block-button\"><a class=\"wp-block-button__link wp-element-button\" href=\"https:\/\/outlook.office365.com\/owa\/calendar\/KostenlosesErstgesprch@denkmodell.de\/bookings\/s\/V5DKFgvd-k2dHLI74IpcVQ2\">Buchen Sie hier Ihr kosten\u00adlo\u00adses Bera\u00adtungs\u00adge\u00adspr\u00e4ch <\/a><\/div>\n<\/div>\n\n\n\n<p class=\"has-text-color\" style=\"color:#e72d67\"><\/p>\n<\/div>\n\n\n\n<div class=\"wp-block-group event--ort is-layout-flow wp-block-group-is-layout-flow\">\n<h3 class=\"wp-block-heading\">Kontakt denk\u00admo\u00addell B\u00fcro <\/h3>\n\n\n\n<p>Tele\u00adfon: <a href=\"tel:+49306904880\" data-type=\"tel\" data-id=\"tel:+49306904880\">030 690 488 0<\/a><br>E\u2011Mail: <a href=\"mailto:berlin@denkmodell.de\">berlin@denkmodell.de<\/a><\/p>\n<\/div>\n<\/div>\n<\/div>\n\n\n\n<div class=\"wp-block-group tile--layout-wrap is-layout-flow wp-block-group-is-layout-flow\">\n<h2 class=\"wp-block-heading\">Ihre Ansprech\u00adper\u00adso\u00adnen <\/h2>\n\n\n\n<div class=\"wp-block-columns is-not-stacked-on-mobile tile--layout-content is-layout-flex wp-container-core-columns-is-layout-9d6595d7 wp-block-columns-is-layout-flex\">\n<div class=\"wp-block-column is-layout-flow wp-block-column-is-layout-flow\">\n<figure class=\"wp-block-image size-full is-resized tile--figure\"><img loading=\"lazy\" decoding=\"async\" width=\"335\" height=\"334\" src=\"https:\/\/denkmodell.de\/wp-content\/uploads\/2022\/07\/denkmodell-Marcus-Quinlivan-Website-square.jpg\" alt class=\"wp-image-25904\" style=\"width:290px;height:auto\" srcset=\"https:\/\/denkmodell.de\/wp-content\/uploads\/2022\/07\/denkmodell-Marcus-Quinlivan-Website-square.jpg 335w, https:\/\/denkmodell.de\/wp-content\/uploads\/2022\/07\/denkmodell-Marcus-Quinlivan-Website-square-300x300.jpg 300w, https:\/\/denkmodell.de\/wp-content\/uploads\/2022\/07\/denkmodell-Marcus-Quinlivan-Website-square-150x150.jpg 150w\" sizes=\"auto, (max-width: 335px) 100vw, 335px\"><\/figure>\n\n\n\n<div class=\"wp-block-group tile--infos is-layout-flow wp-block-group-is-layout-flow\">\n<h3 class=\"wp-block-heading\">Marcus Quin\u00adli\u00advan <\/h3>\n\n\n\n<p>Heute ist Marcus Quin\u00adli\u00advan gesch\u00e4fts\u00adf\u00fch\u00adren\u00adder Gesell\u00adschaf\u00adter von denk\u00admo\u00addell und seit 15 Jahren als Bera\u00adter t\u00e4tig. Dabei beglei\u00adtet er F\u00fchrungs\u00adteams in Stra\u00adte\u00adgie\u00adent\u00adwick\u00adlung, Ver\u00e4n\u00adde\u00adrungs- und Lern\u00adpro\u00adzes\u00adsen. Beson\u00adders am Herzen liegt ihm dabei, Teams auch in un\u00fcber\u00adsicht\u00adli\u00adchen Situa\u00adtio\u00adnen entschei\u00addungs- und hand\u00adlungs\u00adf\u00e4\u00adhig zu machen, auch dort, wo es mal st\u00fcr\u00admi\u00adscher zugeht.<\/p>\n\n\n\n<div class=\"wp-block-buttons is-layout-flex wp-block-buttons-is-layout-flex\">\n<div class=\"wp-block-button is-style-outline simple is-style-outline--1\"><a class=\"wp-block-button__link wp-element-button\" href=\"https:\/\/denkmodell.de\/ueber-uns\/marcus-quinlivan\/\">Profil anse\u00adhen<\/a><\/div>\n<\/div>\n<\/div>\n<\/div>\n\n\n\n<div class=\"wp-block-column is-layout-flow wp-block-column-is-layout-flow\">\n<figure class=\"wp-block-image size-full is-resized tile--figure\"><img loading=\"lazy\" decoding=\"async\" width=\"1000\" height=\"1000\" src=\"https:\/\/denkmodell.de\/wp-content\/uploads\/2023\/12\/denkmodell-gisa-b-web__square.jpg\" alt=\"Portrait Foto von Gisa Roesen\" class=\"wp-image-30050\" style=\"width:335px;height:auto\" srcset=\"https:\/\/denkmodell.de\/wp-content\/uploads\/2023\/12\/denkmodell-gisa-b-web__square.jpg 1000w, https:\/\/denkmodell.de\/wp-content\/uploads\/2023\/12\/denkmodell-gisa-b-web__square-480x480.jpg 480w, https:\/\/denkmodell.de\/wp-content\/uploads\/2023\/12\/denkmodell-gisa-b-web__square-150x150.jpg 150w, https:\/\/denkmodell.de\/wp-content\/uploads\/2023\/12\/denkmodell-gisa-b-web__square-768x768.jpg 768w, https:\/\/denkmodell.de\/wp-content\/uploads\/2023\/12\/denkmodell-gisa-b-web__square-300x300.jpg 300w, https:\/\/denkmodell.de\/wp-content\/uploads\/2023\/12\/denkmodell-gisa-b-web__square-500x500.jpg 500w\" sizes=\"auto, (max-width: 1000px) 100vw, 1000px\"><\/figure>\n\n\n\n<div class=\"wp-block-group tile--infos is-layout-flow wp-block-group-is-layout-flow\">\n<h3 class=\"wp-block-heading\"><strong>Gisa Roesen<\/strong><\/h3>\n\n\n\n<p>Gisa Roesen arbei\u00adtet in verschie\u00addens\u00adten Konstel\u00adla\u00adtio\u00adnen mit Orga\u00adni\u00adsa\u00adtio\u00adnen, Teams und Indi\u00advi\u00adduen zusam\u00admen. Dabei gibt sie Navi\u00adga\u00adti\u00adons\u00adhilfe f\u00fcr Orga\u00adni\u00adsa\u00adtio\u00adnen in Ver\u00e4n\u00adde\u00adrungs- und Stra\u00adte\u00adgie\u00adpro\u00adzes\u00adsen, unter\u00adst\u00fctzt Teams im Findungs\u00adpro\u00adzess und beglei\u00adtet diese in manch\u00admal st\u00fcr\u00admi\u00adschen Zeiten. Ihre Kund*innen sch\u00e4t\u00adzen sie als Part\u00adne\u00adrin auf Augen\u00adh\u00f6he.<\/p>\n\n\n\n<div class=\"wp-block-buttons is-layout-flex wp-block-buttons-is-layout-flex\">\n<div class=\"wp-block-button is-style-outline simple is-style-outline--2\"><a class=\"wp-block-button__link wp-element-button\" href=\"https:\/\/denkmodell.de\/ueber-uns\/gisa-roesen\/\">Profil anse\u00adhen<\/a><\/div>\n<\/div>\n<\/div>\n<\/div>\n<\/div>\n\n\n\n<div class=\"wp-block-group is-nowrap is-layout-flex wp-container-core-group-is-layout-ad2f72ca wp-block-group-is-layout-flex\">\n<div class=\"wp-block-columns is-not-stacked-on-mobile tile--layout-content is-layout-flex wp-container-core-columns-is-layout-9d6595d7 wp-block-columns-is-layout-flex\">\n<div class=\"wp-block-column is-layout-flow wp-block-column-is-layout-flow\">\n<figure class=\"wp-block-image size-full is-resized tile--figure\"><img loading=\"lazy\" decoding=\"async\" width=\"1000\" height=\"1000\" src=\"https:\/\/denkmodell.de\/wp-content\/uploads\/2023\/09\/denkmodell-patricia-b-web__square.jpg\" alt class=\"wp-image-28086\" style=\"width:333px;height:auto\" srcset=\"https:\/\/denkmodell.de\/wp-content\/uploads\/2023\/09\/denkmodell-patricia-b-web__square.jpg 1000w, https:\/\/denkmodell.de\/wp-content\/uploads\/2023\/09\/denkmodell-patricia-b-web__square-300x300.jpg 300w, https:\/\/denkmodell.de\/wp-content\/uploads\/2023\/09\/denkmodell-patricia-b-web__square-150x150.jpg 150w, https:\/\/denkmodell.de\/wp-content\/uploads\/2023\/09\/denkmodell-patricia-b-web__square-768x768.jpg 768w, https:\/\/denkmodell.de\/wp-content\/uploads\/2023\/09\/denkmodell-patricia-b-web__square-500x500.jpg 500w\" sizes=\"auto, (max-width: 1000px) 100vw, 1000px\"><\/figure>\n\n\n\n<div class=\"wp-block-group tile--infos is-layout-flow wp-block-group-is-layout-flow\">\n<h3 class=\"wp-block-heading\">Patri\u00adcia Degueldre<\/h3>\n\n\n\n<p>Als Bera\u00adte\u00adrin und Mode\u00adra\u00adto\u00adrin unter\u00adst\u00fctzt Patri\u00adcia Degueldre Teams und F\u00fchrungs\u00adkr\u00e4fte dabei, sich auf gemein\u00adsame Ziele zu verst\u00e4n\u00addi\u00adgen und zu kl\u00e4ren, welcher konkre\u00adter Schritte und Ma\u00dfnah\u00admen es bedarf, um Ver\u00e4n\u00adde\u00adrung zu errei\u00adchen. Sie sch\u00e4t\u00adzen dabei ihre struk\u00adtu\u00adrierte, l\u00f6sungs\u00adori\u00aden\u00adtierte und empa\u00adthi\u00adsche Heran\u00adge\u00adhens\u00adweise.<\/p>\n\n\n\n<div class=\"wp-block-buttons is-layout-flex wp-block-buttons-is-layout-flex\">\n<div class=\"wp-block-button is-style-outline simple is-style-outline--3\"><a class=\"wp-block-button__link wp-element-button\" href=\"https:\/\/denkmodell.de\/ueber-uns\/patricia-degueldre\/\">Profil anse\u00adhen<\/a><\/div>\n<\/div>\n<\/div>\n<\/div>\n\n\n\n<div class=\"wp-block-column is-layout-flow wp-block-column-is-layout-flow\">\n<figure class=\"wp-block-image size-full is-resized tile--figure\"><img loading=\"lazy\" decoding=\"async\" width=\"1000\" height=\"1000\" src=\"https:\/\/denkmodell.de\/wp-content\/uploads\/2023\/12\/denkmodell-sandra-b-web__square.jpg\" alt=\"Portrait Foto von Sandra Kanter\" class=\"wp-image-30082\" style=\"width:335px;height:auto\" srcset=\"https:\/\/denkmodell.de\/wp-content\/uploads\/2023\/12\/denkmodell-sandra-b-web__square.jpg 1000w, https:\/\/denkmodell.de\/wp-content\/uploads\/2023\/12\/denkmodell-sandra-b-web__square-480x480.jpg 480w, https:\/\/denkmodell.de\/wp-content\/uploads\/2023\/12\/denkmodell-sandra-b-web__square-150x150.jpg 150w, https:\/\/denkmodell.de\/wp-content\/uploads\/2023\/12\/denkmodell-sandra-b-web__square-768x768.jpg 768w, https:\/\/denkmodell.de\/wp-content\/uploads\/2023\/12\/denkmodell-sandra-b-web__square-300x300.jpg 300w, https:\/\/denkmodell.de\/wp-content\/uploads\/2023\/12\/denkmodell-sandra-b-web__square-500x500.jpg 500w\" sizes=\"auto, (max-width: 1000px) 100vw, 1000px\"><\/figure>\n\n\n\n<div class=\"wp-block-group tile--infos is-layout-flow wp-block-group-is-layout-flow\">\n<h3 class=\"wp-block-heading\"><strong>Sandra Kanter<\/strong><\/h3>\n\n\n\n<p>Bevor sie zu denk\u00admo\u00addell kam, arbei\u00adtete Sandra Kanter im Projekt\u00adma\u00adnage\u00adment f\u00fcr inter\u00adna\u00adtio\u00adnale Konzerne sowie Insti\u00adtu\u00adtio\u00adnen der \u00f6ffent\u00adli\u00adchen Hand und beriet als zerti\u00adfi\u00adzierte Umwelt\u00adma\u00adna\u00adge\u00adrin Wirt\u00adschafts\u00adun\u00adter\u00adneh\u00admen in nach\u00adhal\u00adti\u00adgen Trans\u00adfor\u00adma\u00adti\u00adons\u00adpro\u00adjek\u00adten. Durch ihre Weiter\u00adbil\u00addun\u00adgen in den Berei\u00adchen syste\u00admi\u00adsche Bera\u00adtung und Design Thin\u00adking verbin\u00addet sie den l\u00f6sungs\u00adori\u00aden\u00adtier\u00adten System\u00adan\u00adsatz mit Krea\u00adtiv\u00adme\u00adtho\u00adden, um so parti\u00adzi\u00adpa\u00adtive Entwick\u00adlungs\u00adpro\u00adzesse anzu\u00adsto\u00ad\u00dfen.<\/p>\n\n\n\n<div class=\"wp-block-buttons is-layout-flex wp-block-buttons-is-layout-flex\">\n<div class=\"wp-block-button is-style-outline simple is-style-outline--4\"><a class=\"wp-block-button__link wp-element-button\" href=\"https:\/\/denkmodell.de\/ueber-uns\/sandra-wuerlich\/\">Profil anse\u00adhen<\/a><\/div>\n<\/div>\n<\/div>\n<\/div>\n<\/div>\n\n\n\n<div class=\"wp-block-group is-nowrap is-layout-flex wp-container-core-group-is-layout-ad2f72ca wp-block-group-is-layout-flex\">\n<p><\/p>\n<\/div>\n<\/div>\n\n\n\n<div class=\"wp-block-group is-nowrap is-layout-flex wp-container-core-group-is-layout-ad2f72ca wp-block-group-is-layout-flex\">\n<div class=\"wp-block-columns is-not-stacked-on-mobile tile--layout-content is-layout-flex wp-container-core-columns-is-layout-9d6595d7 wp-block-columns-is-layout-flex\">\n<div class=\"wp-block-column is-layout-flow wp-block-column-is-layout-flow\">\n<figure class=\"wp-block-image size-full is-resized tile--figure\"><img loading=\"lazy\" decoding=\"async\" width=\"1000\" height=\"1000\" src=\"https:\/\/denkmodell.de\/wp-content\/uploads\/2023\/12\/denkmodell-pauline-b-web__square.jpg\" alt=\"Portrait Foto von Pauline Probst\" class=\"wp-image-30066\" style=\"width:333px;height:auto\" srcset=\"https:\/\/denkmodell.de\/wp-content\/uploads\/2023\/12\/denkmodell-pauline-b-web__square.jpg 1000w, https:\/\/denkmodell.de\/wp-content\/uploads\/2023\/12\/denkmodell-pauline-b-web__square-480x480.jpg 480w, https:\/\/denkmodell.de\/wp-content\/uploads\/2023\/12\/denkmodell-pauline-b-web__square-150x150.jpg 150w, https:\/\/denkmodell.de\/wp-content\/uploads\/2023\/12\/denkmodell-pauline-b-web__square-768x768.jpg 768w, https:\/\/denkmodell.de\/wp-content\/uploads\/2023\/12\/denkmodell-pauline-b-web__square-300x300.jpg 300w, https:\/\/denkmodell.de\/wp-content\/uploads\/2023\/12\/denkmodell-pauline-b-web__square-500x500.jpg 500w\" sizes=\"auto, (max-width: 1000px) 100vw, 1000px\"><\/figure>\n\n\n\n<div class=\"wp-block-group tile--infos is-layout-flow wp-block-group-is-layout-flow\">\n<h3 class=\"wp-block-heading\">Pauline Probst <\/h3>\n\n\n\n<p>Ganz nach dem Syste\u00admi\u00adschen Ansatz ist es f\u00fcr Pauline Probst wich\u00adtig, in ihrer Arbeit einen Unter\u00adschied zu machen, der f\u00fcr die Kund*innen auch wirk\u00adlich einen sp\u00fcr\u00adba\u00adren Unter\u00adschied macht. Die Ideen, Bed\u00fcrf\u00adnisse und Poten\u00adziale ihrer Kund*innen stehen im Mittel\u00adpunkt, wenn es um die Entwick\u00adlung passen\u00adder und trag\u00adf\u00e4\u00adhi\u00adger Wege geht. <\/p>\n\n\n\n<div class=\"wp-block-buttons is-layout-flex wp-block-buttons-is-layout-flex\">\n<div class=\"wp-block-button is-style-outline simple is-style-outline--5\"><a class=\"wp-block-button__link wp-element-button\" href=\"https:\/\/denkmodell.de\/ueber-uns\/pauline-probst\/\">Profil anse\u00adhen<\/a><\/div>\n<\/div>\n<\/div>\n<\/div>\n<\/div>\n\n\n\n<div class=\"wp-block-group is-nowrap is-layout-flex wp-container-core-group-is-layout-ad2f72ca wp-block-group-is-layout-flex\">\n<p><\/p>\n<\/div>\n\n\n\n<h3 class=\"wp-block-heading\"><\/h3>\n\n\n\n<h2 class=\"wp-block-heading\"><\/h2>\n<\/div>\n<\/div>\n\n\n\n<aside class=\"wp-block-group newsletter--wrapper is-layout-flow wp-block-group-is-layout-flow\">\n<h2 class=\"wp-block-heading\">Neuig\u00adkei\u00adten, Ange\u00adbote und Tipps direkt in Ihr Post\u00adfach<\/h2>\n\n\n\n<p>Unser News\u00adlet\u00adter versorgt Sie mit Tipps und News aus der Praxis der Orga\u00adni\u00adsa\u00adti\u00adons\u00adent\u00adwick\u00adlung, Hinter\u00adgrund\u00adbe\u00adrich\u00adten aus unse\u00adrer Arbeit, aktu\u00adel\u00adlen Kurs\u00adan\u00adge\u00adbo\u00adten und Lese\u00adtipps.<\/p>\n\n\n\n<div class=\"wp-block-group newsletter--form-wrap is-layout-flow wp-block-group-is-layout-flow\">\n<div class=\"ml-form-embed\" data-account=\"2470249:b5s4p7u9a6\" data-form=\"5709852:v8m8g0\">\n<\/div>\n<\/div>\n<\/aside>\n","protected":false},"excerpt":{"rendered":"<p>Erwe\u00adcken Sie Ihre pflanz\u00adbare Gru\u00df\u00adkarte zum Leben und verwan\u00addeln Sie sie in eine farben\u00adfrohe Wild\u00adblu\u00admen\u00adwiese! ntde\u00adcken Sie au\u00dfer\u00addem, wie unser Ange\u00adbot Ihnen dabei hilft, Ihre pers\u00f6n\u00adli\u00adchen Ziele zu verwirk\u00adli\u00adchen und Ihre Orga\u00adni\u00adsa\u00adtion erfolg\u00adreich in die Zukunft zu f\u00fchren.<\/p>\n","protected":false},"author":1,"featured_media":30731,"comment_status":"open","ping_status":"closed","template":"","tags":[16,30,37,99],"mec_category":[7],"class_list":["post-30751","mec-events","type-mec-events","status-publish","has-post-thumbnail","hentry","tag-fuehrung","tag-kommunikation","tag-organisationsentwicklung","tag-team","mec_category-organisationsentwicklung"],"_links":{"self":[{"href":"https:\/\/denkmodell.de\/en\/wp-json\/wp\/v2\/mec-events\/30751","targetHints":{"allow":["GET"]}}],"collection":[{"href":"https:\/\/denkmodell.de\/en\/wp-json\/wp\/v2\/mec-events"}],"about":[{"href":"https:\/\/denkmodell.de\/en\/wp-json\/wp\/v2\/types\/mec-events"}],"author":[{"embeddable":true,"href":"https:\/\/denkmodell.de\/en\/wp-json\/wp\/v2\/users\/1"}],"replies":[{"embeddable":true,"href":"https:\/\/denkmodell.de\/en\/wp-json\/wp\/v2\/comments?post=30751"}],"wp:featuredmedia":[{"embeddable":true,"href":"https:\/\/denkmodell.de\/en\/wp-json\/wp\/v2\/media\/30731"}],"wp:attachment":[{"href":"https:\/\/denkmodell.de\/en\/wp-json\/wp\/v2\/media?parent=30751"}],"wp:term":[{"taxonomy":"post_tag","embeddable":true,"href":"https:\/\/denkmodell.de\/en\/wp-json\/wp\/v2\/tags?post=30751"},{"taxonomy":"mec_category","embeddable":true,"href":"https:\/\/denkmodell.de\/en\/wp-json\/wp\/v2\/mec_category?post=30751"}],"curies":[{"name":"wp","href":"https:\/\/api.w.org\/{rel}","templated":true}]}}