{"id":31454,"date":"2025-05-07T14:48:38","date_gmt":"2025-05-07T12:48:38","guid":{"rendered":"https:\/\/denkmodell.de\/?post_type=mec-events&#038;p=31454"},"modified":"2025-09-04T15:46:24","modified_gmt":"2025-09-04T13:46:24","slug":"ki-training","status":"publish","type":"mec-events","link":"https:\/\/denkmodell.de\/en\/academy\/termin\/ki-training\/","title":{"rendered":"KI Trai\u00adning: Mehr Effi\u00adzi\u00adenz f\u00fcr den Arbeits\u00adall\u00adtag"},"content":{"rendered":"\n<div class=\"wp-block-group event--hero is-layout-flow wp-block-group-is-layout-flow\">\n<p>K\u00fcnst\u00adli\u00adche Intel\u00adli\u00adgenz (KI) ver\u00e4n\u00addert Arbeits\u00adwei\u00adsen \u2013 in Kommu\u00adni\u00adka\u00adtion, Projekt\u00adsteue\u00adrung, Text\u00adpro\u00adduk\u00adtion oder Wissens\u00adma\u00adnage\u00adment. In diesem zwei\u00adtei\u00adli\u00adgen Trai\u00adning vermit\u00adteln wir Grund\u00adla\u00adgen, zeigen konkrete Anwen\u00addungs\u00adf\u00e4lle und unter\u00adst\u00fct\u00adzen beim reflek\u00adtier\u00adten Umgang mit KI. Im Zentrum steht der produk\u00adtive und verant\u00adwor\u00adtungs\u00adbe\u00adwusste Einsatz von KI im Arbeits\u00adall\u00adtag. Zwischen den Modu\u00adlen bieten Trans\u00adfer\u00adauf\u00adga\u00adben Raum f\u00fcr Auspro\u00adbie\u00adren und Vertie\u00adfung.&nbsp;<\/p>\n\n\n\n<figure class=\"wp-block-image size-large\"><img loading=\"lazy\" decoding=\"async\" width=\"1024\" height=\"682\" src=\"https:\/\/denkmodell.de\/wp-content\/uploads\/2025\/05\/2024-09-denkmodell_LowRes-63-1024x682.jpg\" alt class=\"wp-image-31463\" srcset=\"https:\/\/denkmodell.de\/wp-content\/uploads\/2025\/05\/2024-09-denkmodell_LowRes-63-1024x682.jpg 1024w, https:\/\/denkmodell.de\/wp-content\/uploads\/2025\/05\/2024-09-denkmodell_LowRes-63-480x320.jpg 480w, https:\/\/denkmodell.de\/wp-content\/uploads\/2025\/05\/2024-09-denkmodell_LowRes-63-768x512.jpg 768w, https:\/\/denkmodell.de\/wp-content\/uploads\/2025\/05\/2024-09-denkmodell_LowRes-63-391x260.jpg 391w, https:\/\/denkmodell.de\/wp-content\/uploads\/2025\/05\/2024-09-denkmodell_LowRes-63-1536x1023.jpg 1536w, https:\/\/denkmodell.de\/wp-content\/uploads\/2025\/05\/2024-09-denkmodell_LowRes-63.jpg 1600w\" sizes=\"auto, (max-width: 1024px) 100vw, 1024px\"><figcaption class=\"wp-element-caption\">Unter\u00adst\u00fct\u00adzen Sie Ihren Arbeits\u00adall\u00adtag mit KI \u2013 produk\u00adtiv und verant\u00adwor\u00adtungs\u00adbe\u00adwusst<\/figcaption><\/figure>\n<\/div>\n\n\n\n<div class=\"wp-block-columns is-not-stacked-on-mobile event--content layout--cols is-layout-flex wp-container-core-columns-is-layout-9d6595d7 wp-block-columns-is-layout-flex\">\n<div class=\"wp-block-column is-layout-flow wp-block-column-is-layout-flow\">\n<h2 class=\"wp-block-heading\">Das erwar\u00adtet Sie:<\/h2>\n\n\n\n<p>In zwei kompak\u00adten, inter\u00adak\u00adti\u00adven Online-Modu\u00adlen erhal\u00adten Sie einen Einstieg in die Welt der gene\u00adra\u00adti\u00adven KI und entwi\u00adckeln ein Gesp\u00fcr daf\u00fcr, wie Sie diese sinn\u00advoll in Ihre Arbeits\u00adpro\u00adzesse inte\u00adgrie\u00adren k\u00f6nnen. Neben ersten Anwen\u00addun\u00adgen geht es auch um typi\u00adsche Heraus\u00adfor\u00adde\u00adrun\u00adgen und die Frage: Wie viel KI passt zu meinem Arbeits\u00adstil?&nbsp;<\/p>\n\n\n\n<p>Wir arbei\u00adten im Trai\u00adning mit der <strong>kosten\u00adlo\u00adsen Version von ChatGPT<\/strong>. Die vermit\u00adtel\u00adten Grund\u00adla\u00adgen und Anwen\u00addungs\u00adideen lassen sich auch auf andere Tools wie <strong>Gemini <\/strong>oder<strong> Micro\u00adsoft Copi\u00adlot<\/strong> \u00fcber\u00adtra\u00adgen.&nbsp;<\/p>\n\n\n\n<p><strong><strong>Modul 1 | KI verste\u00adhen und erste Anwen\u00addun\u00adgen gestal\u00adten (3h)<\/strong>&nbsp;<\/strong><\/p>\n\n\n\n<ul class=\"wp-block-list\">\n<li>Grund\u00adla\u00adgen von K\u00fcnst\u00adli\u00adcher Intel\u00adli\u00adgenz: Funk\u00adti\u00adons\u00adweise, Poten\u00adziale, Gren\u00adzen&nbsp;<\/li>\n\n\n\n<li>Spiel\u00adre\u00adgeln f\u00fcr die Praxis: Daten\u00adschutz, Compli\u00adance &amp;&nbsp;verant\u00adwor\u00adtungs\u00advolle Nutzung&nbsp;<\/li>\n\n\n\n<li>KI im Arbeits\u00adkon\u00adtext: Logik, Nutzungs\u00adm\u00f6g\u00adlich\u00adkei\u00adten, erste Anwen\u00addun\u00adgen&nbsp;<\/li>\n\n\n\n<li>Prompt Engi\u00adnee\u00adring: Grund\u00adla\u00adgen und erste effek\u00adtive Prompts&nbsp;<\/li>\n<\/ul>\n\n\n\n<p><strong>Trans\u00adfer\u00adauf\u00adgabe<\/strong><\/p>\n\n\n\n<p>Zwischen den Modu\u00adlen erhal\u00adten Sie kleine Aufga\u00adben, um eigene Anwen\u00addungs\u00adf\u00e4lle auszu\u00adpro\u00adbie\u00adren und weiter\u00adzu\u00adent\u00adwi\u00adckeln.<\/p>\n\n\n\n<p><strong>Modul 2 | KI gezielt und effi\u00adzi\u00adent einset\u00adzen (3h)<\/strong>&nbsp;<\/p>\n\n\n\n<ul class=\"wp-block-list\">\n<li>Tipps &amp;&nbsp;Tricks f\u00fcr gutes Promp\u00adting: So holen Sie mehr aus der KI heraus&nbsp;<\/li>\n\n\n\n<li>Anwen\u00addungs\u00adsze\u00adna\u00adrien aus der Praxis: z.&nbsp;B. Text\u00adent\u00adw\u00fcrfe, Zusam\u00admen\u00adfas\u00adsun\u00adgen, Ideen\u00adge\u00adne\u00adrie\u00adrung&nbsp;<\/li>\n\n\n\n<li>Spezi\u00adal\u00adfunk\u00adtio\u00adnen nutzen: z.&nbsp;B. Grafi\u00adken gene\u00adrie\u00adren, Doku\u00admente struk\u00adtu\u00adrie\u00adren&nbsp;<\/li>\n\n\n\n<li>Refle\u00adxion &amp;&nbsp;Trans\u00adfer: Wie ver\u00e4n\u00addert KI meine Arbeits\u00adweise \u2013 und was hei\u00dft das f\u00fcr die Zukunft?&nbsp;<\/li>\n<\/ul>\n\n\n\n<h2 class=\"wp-block-heading\">Das nehmen Sie mit <\/h2>\n\n\n\n<ul class=\"wp-block-list\">\n<li>Sie verste\u00adhen, wie gene\u00adra\u00adtive KI funk\u00adtio\u00adniert und wo ihre Gren\u00adzen liegen&nbsp;<\/li>\n\n\n\n<li>Sie k\u00f6nnen KI-Tools sicher und sinn\u00advoll im Alltag einset\u00adzen&nbsp;<\/li>\n\n\n\n<li>Sie kennen Spiel\u00adre\u00adgeln und Leit\u00adplan\u00adken f\u00fcr einen verant\u00adwor\u00adtungs\u00advol\u00adlen Umgang mit KI&nbsp;<\/li>\n\n\n\n<li>Sie reflek\u00adtie\u00adren Ihre eigene Haltung zur KI-Nutzung und k\u00f6nnen n\u00e4chste Schritte f\u00fcr Ihre Orga\u00adni\u00adsa\u00adtion ablei\u00adten&nbsp;<\/li>\n<\/ul>\n\n\n\n<p>Nach Abschluss des Trai\u00adnings erhal\u00adten Sie eine Teil\u00adnah\u00adme\u00adbe\u00adst\u00e4\u00adti\u00adgung.<\/p>\n\n\n\n<h2 class=\"wp-block-heading\">An wen rich\u00adtet sich das Trai\u00adning? <\/h2>\n\n\n\n<p>Das Trai\u00adning rich\u00adtet sich an alle, die einen fundier\u00adten Einstieg in gene\u00adra\u00adtive KI suchen und sich mit dem Einsatz im eige\u00adnen Arbeits\u00adkon\u00adtext ausein\u00adan\u00adder\u00adset\u00adzen m\u00f6ch\u00adten.&nbsp;<\/p>\n<\/div>\n\n\n\n<div class=\"wp-block-column event--sidebar is-layout-flow wp-block-column-is-layout-flow\">\n<div class=\"wp-block-group event--price is-layout-flow wp-block-group-is-layout-flow\">\n<h3 class=\"wp-block-heading\">Teil\u00adnah\u00adme\u00adge\u00adb\u00fchr<\/h3>\n\n\n\n<figure class=\"wp-block-table\"><table><tbody><tr><td>Selbstzahler*innen:<\/td><td>590 \u20ac zzgl. MwSt.<\/td><\/tr><tr><td>Unter\u00adneh\u00admen:<\/td><td>790 \u20ac zzgl. MwSt.<\/td><\/tr><\/tbody><\/table><\/figure>\n<\/div>\n\n\n\n<div class=\"wp-block-buttons is-layout-flex wp-block-buttons-is-layout-flex\">\n<div class=\"wp-block-button is-style-outline is-style-outline--1\"><a class=\"wp-block-button__link wp-element-button\" href=\"https:\/\/denkmodell.de\/formular-anmeldungsformular\/\" target=\"_blank\" rel=\"noreferrer noopener\">Jetzt buchen<\/a><\/div>\n<\/div>\n\n\n\n<h3 class=\"wp-block-heading\">Termine und Umfang<\/h3>\n\n\n\n<p><strong>Dauer<\/strong>: 2&nbsp;Tage<br><strong>Lern\u00adum\u00adfang<\/strong>: 8&nbsp;Stun\u00adden<br><strong>Teilnehmer*innen<\/strong>: Max. 12<br><strong>Veran\u00adstal\u00adtungs\u00adort:<\/strong> online via MS Teams<\/p>\n\n\n\n<h3 class=\"wp-block-heading\">Termine<\/h3>\n\n\n\n<p>Aktu\u00adell gibt es keine freien Termine f\u00fcr dieses Trai\u00adning.<\/p>\n\n\n\n<p class=\"has-text-color\" style=\"color:#e72d67\">Haben Sie Inter\u00adesse an einem indi\u00advi\u00addu\u00adel\u00adlen Coaching oder einem Inhouse-Trai\u00adning? Dann kontak\u00adtie\u00adren Sie uns gern!<\/p>\n\n\n\n<p class=\"has-text-color\" style=\"color:#e72d67\">Tele\u00adfon: +49 30 690 488\u20130<br>E\u2011Mail: berlin@denkmodell.de<\/p>\n\n\n\n<h3 class=\"wp-block-heading\">Sie m\u00f6ch\u00adten \u00fcber die kommen\u00adden Termine infor\u00admiert werden?<\/h3>\n\n\n\n<p>Melden Sie sich gern f\u00fcr unse\u00adren Update-Service an. Wir infor\u00admie\u00adren Sie, sobald es neue Termine gibt.<\/p>\n\n\n\n<div class=\"wp-block-buttons is-layout-flex wp-block-buttons-is-layout-flex\">\n<div class=\"wp-block-button is-style-outline download is-style-outline--2\"><a class=\"wp-block-button__link wp-element-button\" href=\"https:\/\/denkmodell.de\/formular-update-service\/\">Hier geht\u2019s zum Update-Service<\/a><\/div>\n<\/div>\n<\/div>\n<\/div>\n\n\n\n<div class=\"wp-block-group tile--layout-wrap is-layout-flow wp-block-group-is-layout-flow\">\n<h2 class=\"wp-block-heading\">Ihr Trai\u00adner<\/h2>\n\n\n\n<div class=\"wp-block-columns is-not-stacked-on-mobile tile--layout-content is-layout-flex wp-container-core-columns-is-layout-9d6595d7 wp-block-columns-is-layout-flex\">\n<div class=\"wp-block-column is-layout-flow wp-block-column-is-layout-flow\">\n<figure class=\"wp-block-image size-full tile--figure\"><img loading=\"lazy\" decoding=\"async\" width=\"1696\" height=\"2560\" src=\"https:\/\/denkmodell.de\/wp-content\/uploads\/2020\/11\/IGP0966-copy-scaled.jpg\" alt=\"Jakob-Hasselgruber-Trainer\" class=\"wp-image-15028\" srcset=\"https:\/\/denkmodell.de\/wp-content\/uploads\/2020\/11\/IGP0966-copy-scaled.jpg 1696w, https:\/\/denkmodell.de\/wp-content\/uploads\/2020\/11\/IGP0966-copy-199x300.jpg 199w, https:\/\/denkmodell.de\/wp-content\/uploads\/2020\/11\/IGP0966-copy-678x1024.jpg 678w, https:\/\/denkmodell.de\/wp-content\/uploads\/2020\/11\/IGP0966-copy-768x1159.jpg 768w, https:\/\/denkmodell.de\/wp-content\/uploads\/2020\/11\/IGP0966-copy-1017x1536.jpg 1017w, https:\/\/denkmodell.de\/wp-content\/uploads\/2020\/11\/IGP0966-copy-1357x2048.jpg 1357w\" sizes=\"auto, (max-width: 1696px) 100vw, 1696px\"><\/figure>\n\n\n\n<div class=\"wp-block-group tile--infos is-layout-flow wp-block-group-is-layout-flow\">\n<h3 class=\"wp-block-heading\"><a href=\"https:\/\/denkmodell.de\/ueber-uns\/gisa-roesen\/\">Jakob Hassel\u00adgru\u00adber<\/a><\/h3>\n\n\n\n<p>Jakob Hassel\u00adgru\u00adber baut in Unter\u00adneh\u00admen und Orga\u00adni\u00adsa\u00adtio\u00adnen digi\u00adtale Kompe\u00adten\u00adzen auf und unter\u00adst\u00fctzt sie dabei, wirk\u00adsam virtu\u00adell zusam\u00admen\u00adzu\u00adar\u00adbei\u00adten. <\/p>\n\n\n\n<div class=\"wp-block-buttons is-layout-flex wp-block-buttons-is-layout-flex\">\n<div class=\"wp-block-button is-style-outline simple is-style-outline--3\"><a class=\"wp-block-button__link wp-element-button\" href=\"https:\/\/denkmodell.de\/ueber-uns\/jakob-hasselgruber\/\">Profil anse\u00adhen<\/a><\/div>\n<\/div>\n<\/div>\n<\/div>\n<\/div>\n<\/div>\n\n\n\n<aside class=\"wp-block-group newsletter--wrapper is-layout-flow wp-block-group-is-layout-flow\">\n<h2 class=\"wp-block-heading\">Neuig\u00adkei\u00adten, Ange\u00adbote und Tipps direkt in Ihr Post\u00adfach<\/h2>\n\n\n\n<p>Unser News\u00adlet\u00adter versorgt Sie mit Tipps und News aus der Praxis der Orga\u00adni\u00adsa\u00adti\u00adons\u00adent\u00adwick\u00adlung, Hinter\u00adgrund\u00adbe\u00adrich\u00adten aus unse\u00adrer Arbeit, aktu\u00adel\u00adlen Kurs\u00adan\u00adge\u00adbo\u00adten und Lese\u00adtipps.<\/p>\n\n\n\n<div class=\"wp-block-group newsletter--form-wrap is-layout-flow wp-block-group-is-layout-flow\">\n<div class=\"ml-form-embed\" data-account=\"2470249:b5s4p7u9a6\" data-form=\"5709852:v8m8g0\">\n<\/div>\n<\/div>\n<\/aside>\n\n\n\n<h2 class=\"wp-block-heading\"><\/h2>\n","protected":false},"excerpt":{"rendered":"<p>K\u00fcnst\u00adli\u00adche Intel\u00adli\u00adgenz im Job \u2013 verste\u00adhen, anwen\u00adden und reflek\u00adtie\u00adren. Das kompakte Trai\u00adning vermit\u00adtelt Grund\u00adla\u00adgen, zeigt konkrete Einsatz\u00adm\u00f6g\u00adlich\u00adkei\u00adten und f\u00f6rdert den bewuss\u00adten Umgang mit KI im Arbeits\u00adall\u00adtag. <\/p>\n","protected":false},"author":1,"featured_media":31463,"comment_status":"open","ping_status":"closed","template":"","tags":[363,360,361,362,62],"mec_category":[300],"class_list":["post-31454","mec-events","type-mec-events","status-publish","has-post-thumbnail","hentry","tag-arbeitsprozesse-mit-ki-unterstuetzen","tag-ki","tag-ki-training","tag-kuenstliche-intelligenz","tag-methoden","mec_category-organisationen-gestalten"],"_links":{"self":[{"href":"https:\/\/denkmodell.de\/en\/wp-json\/wp\/v2\/mec-events\/31454","targetHints":{"allow":["GET"]}}],"collection":[{"href":"https:\/\/denkmodell.de\/en\/wp-json\/wp\/v2\/mec-events"}],"about":[{"href":"https:\/\/denkmodell.de\/en\/wp-json\/wp\/v2\/types\/mec-events"}],"author":[{"embeddable":true,"href":"https:\/\/denkmodell.de\/en\/wp-json\/wp\/v2\/users\/1"}],"replies":[{"embeddable":true,"href":"https:\/\/denkmodell.de\/en\/wp-json\/wp\/v2\/comments?post=31454"}],"wp:featuredmedia":[{"embeddable":true,"href":"https:\/\/denkmodell.de\/en\/wp-json\/wp\/v2\/media\/31463"}],"wp:attachment":[{"href":"https:\/\/denkmodell.de\/en\/wp-json\/wp\/v2\/media?parent=31454"}],"wp:term":[{"taxonomy":"post_tag","embeddable":true,"href":"https:\/\/denkmodell.de\/en\/wp-json\/wp\/v2\/tags?post=31454"},{"taxonomy":"mec_category","embeddable":true,"href":"https:\/\/denkmodell.de\/en\/wp-json\/wp\/v2\/mec_category?post=31454"}],"curies":[{"name":"wp","href":"https:\/\/api.w.org\/{rel}","templated":true}]}}